{"id":8256,"date":"2025-02-17T12:31:46","date_gmt":"2025-02-17T11:31:46","guid":{"rendered":"https:\/\/www.greenmobility.com\/dk\/?page_id=8256"},"modified":"2025-10-28T13:38:35","modified_gmt":"2025-10-28T12:38:35","slug":"korttidsleasing","status":"publish","type":"page","link":"https:\/\/www.greenmobility.com\/dk\/da\/korttidsleasing\/","title":{"rendered":"Korttidsleasing"},"content":{"rendered":"<div class=\"wpb-content-wrapper\"><p>[vc_row padding_top=&#8221;3.5%&#8221; padding_bottom=&#8221;3%&#8221; border_top=&#8221;1&#8243; border_color=&#8221;#dddddd&#8221; border_style=&#8221;solid&#8221; el_id=&#8221;our-approach&#8221; el_class=&#8221;our-approach&#8221;][vc_column align=&#8221;center&#8221;][vc_empty_space height=&#8221;50px&#8221;]<div class=\" agni-section-heading text-left ihda\" ><h1 class=\"section-heading-text section-heading-text_responsive\" style=\"font-size:48px;\"><span>Korttidsleasing af elbiler<\/span><\/h1><div class=\"section-divide-line divide-line text-left\"><span style=\"width:180px; height:1px; background-color:#556e58\"><\/span><\/div><p class=\"section-additional-heading-text\" style=\"font-size:22px;\">Fleksibel korttidsleasing uden bekymringer<\/p><\/div>[\/vc_column][vc_column width=&#8221;1\/2&#8243;][vc_column_text]Har du brug for en bil uden binding? GreenMobility tilbyder fleksibel korttidsleasing af elbiler i det antal dage, der passer dig. Ingen udbetaling eller skjulte gebyrer.[\/vc_column_text][\/vc_column][vc_column width=&#8221;1\/2&#8243;][vc_column_text]V\u00e6lg mellem forskellige biltyper og varevogne &#8211; alle 100% elektriske. Start din korttidsleasing i vores app p\u00e5 f\u00e5 minutter og kom nemt og billigt rundt p\u00e5 en mere b\u00e6redygtig m\u00e5de.[\/vc_column_text][\/vc_column][\/vc_row][vc_row][vc_column width=&#8221;1\/3&#8243; padding_bottom=&#8221;5%&#8221;][vc_empty_space]<div class=\" service-box service-box-style-1 text-center \" >\r\n\t\t\t\t\t<div class=\" agni-icon has-icon \" ><span class=\"agni-icon-container\" style=\"border-radius:50%; color:#000000; \"><i class=\"ion-android-done  \" style=\"border-radius:50%; color:#556e58; \"><\/i><\/span><\/div><h6 class=\"service-box-heading\" style=\"font-size:24px; \">Fleksibel lejeperiode<\/h6><div class=\"divide-line text-center\"><span ><\/span><\/div><div class=\"service-box-description\" ><div id=\"\" class=\"agni_text_column agni-text-block \">\n<p>Lej en elbil p\u00e5 uge- eller m\u00e5nedsbasis uden binding og f\u00e5 masser af fleksibilitet uden<span style=\"font-weight: 400;\">\u00a0skjulte omkostninger.<\/span><\/p>\n<\/div>\n<\/div>\r\n\t\t\t\t<\/div>[vc_empty_space][\/vc_column][vc_column width=&#8221;1\/3&#8243; padding_bottom=&#8221;5%&#8221;][vc_empty_space]<div class=\" service-box service-box-style-1 text-center \" >\r\n\t\t\t\t\t<div class=\" agni-icon has-icon \" ><span class=\"agni-icon-container\" style=\"border-radius:50%; color:#000000; \"><i class=\"ion-ios-timer-outline  \" style=\"border-radius:50%; color:#556e58; \"><\/i><\/span><\/div><h6 class=\"service-box-heading\" style=\"font-size:24px; \">Alt inklusiv<\/h6><div class=\"divide-line text-center\"><span ><\/span><\/div><div class=\"service-box-description\" ><p>Med GreenMobility er opladning, forsikring og parkering i zonen altid inkluderet.<\/p>\n<\/div>\r\n\t\t\t\t<\/div>[vc_empty_space][\/vc_column][vc_column width=&#8221;1\/3&#8243; padding_bottom=&#8221;5%&#8221;][vc_empty_space]<div class=\" service-box service-box-style-1 text-center \" >\r\n\t\t\t\t\t<div class=\" agni-icon has-icon \" ><span class=\"agni-icon-container\" style=\"border-radius:50%; color:#000000; \"><i class=\"pe-7s-car  \" style=\"border-radius:50%; color:#556e58; \"><\/i><\/span><\/div><h6 class=\"service-box-heading\" style=\"font-size:24px; \">Biltyper til alle behov<\/h6><div class=\"divide-line text-center\"><span ><\/span><\/div><div class=\"service-box-description\" ><p>V\u00e6lg mellem standard elbiler, premium elbiler og el-varevogne &#8211; lige det der passer dig.<\/p>\n<\/div>\r\n\t\t\t\t<\/div>[vc_empty_space][\/vc_column][vc_column align=&#8221;center&#8221;]<div class=\" call-to-action call-to-action-style-1\"><div class=\"call-to-action-description\"><\/div><div class=\"call-to-action-button\"><a class=\"btn btn-alt btn-default \" target=\"_blank\" href=\"https:\/\/app.adjust.com\/bze7zzu\" style=\"margin-top: 10px; margin-bottom: 10px; \"> Hent appen og start din korttidsleasing<\/a><\/div><\/div>[vc_empty_space height=&#8221;50px&#8221;][\/vc_column][\/vc_row][vc_row fullwidth=&#8221;has-fullwidth-column&#8221; equal_height=&#8221;yes&#8221;][vc_column align=&#8221;center&#8221; bg_color=&#8221;#bbd6af&#8221; width=&#8221;1\/2&#8243;][vc_empty_space height=&#8221;80px&#8221;][vc_custom_heading divide_line=&#8221;yes&#8221; divide_line_color=&#8221;#ffffff&#8221; text=&#8221;Derfor skal du korttidslease hos GreenMobility&#8221; font_container=&#8221;tag:h2|font_size:38|text_align:center|color:%23ffffff&#8221; google_fonts=&#8221;font_family:Open%20Sans%3A300%2C300italic%2Cregular%2Citalic%2C600%2C600italic%2C700%2C700italic%2C800%2C800italic|font_style:400%20regular%3A400%3Anormal&#8221; responsive_font_size=&#8221;yes&#8221;][vc_column_text padding_right=&#8221;5%&#8221; padding_left=&#8221;5%&#8221;]<\/p>\n<h3 style=\"text-align: left;\"><span style=\"font-size: 18pt; color: #ffffff;\">Et smartere alternativ til traditionel leasing<\/span><\/h3>\n<p style=\"text-align: left;\" data-start=\"113\" data-end=\"332\"><span style=\"color: #ffffff;\">Korttidsleasing er en fleksibel m\u00e5de at have bil p\u00e5 uden udbetaling eller lang bindingsperiode. Hos GreenMobility kan du lease en bil p\u00e5 d\u00f8gn-, uge- eller m\u00e5nedsbasis.<\/span><\/p>\n<p style=\"text-align: left;\" data-start=\"334\" data-end=\"591\" data-is-last-node=\"\"><span style=\"color: #ffffff;\">\u2714\ufe0f 0 kr. i udbetaling<\/span><br data-start=\"374\" data-end=\"377\" \/><span style=\"color: #ffffff;\">\u2714\ufe0f Ingen langvarige kontrakter<\/span><br data-start=\"436\" data-end=\"439\" \/><span style=\"color: #ffffff;\">\u2714\ufe0f Alt inklusiv<\/span><br \/>\n<span style=\"color: #ffffff;\">\u2714\ufe0f Skift frit bil undervejs*<\/span><\/p>\n<p style=\"text-align: left;\"><span style=\"font-size: 10pt; color: #ffffff;\">*till\u00e6g for premium og varevogne<\/span><\/p>\n<p>[\/vc_column_text]<div class=\" call-to-action call-to-action-style-1\"><div class=\"call-to-action-description\"><\/div><div class=\"call-to-action-button\"><a class=\"btn btn-alt btn-white \" target=\"_blank\" href=\"https:\/\/www.greenmobility.com\/dk\/da\/fordele-ved-korttidsleasing\/\" style=\"margin-top: 10px; \"> L\u00e6s mere om fordelene ved korttidsleasing<\/a><\/div><\/div>[vc_empty_space height=&#8221;80px&#8221;][\/vc_column][vc_column bg_choice=&#8221;2&#8243; bg_image=&#8221;5456&#8243; width=&#8221;1\/2&#8243;][vc_empty_space height=&#8221;300px&#8221;][\/vc_column][\/vc_row][vc_row border_style=&#8221;solid&#8221;][vc_column][vc_empty_space height=&#8221;50px&#8221;][vc_custom_heading divide_line=&#8221;yes&#8221; divide_line_color=&#8221;#ffffff&#8221; text=&#8221;V\u00e6lg den rette elbil til dit behov&#8221; font_container=&#8221;tag:h2|text_align:center|color:%23000000&#8243; google_fonts=&#8221;font_family:Open%20Sans%3A300%2C300italic%2Cregular%2Citalic%2C600%2C600italic%2C700%2C700italic%2C800%2C800italic|font_style:400%20regular%3A400%3Anormal&#8221; responsive_font_size=&#8221;yes&#8221;][vc_row_inner equal_height=&#8221;yes&#8221; gap=&#8221;10&#8243;][vc_column_inner align=&#8221;center&#8221; width=&#8221;1\/4&#8243;][vc_column_text]<span style=\"font-size: 18pt;\"><strong>Renault Zoe<\/strong><\/span>[\/vc_column_text]<div class=\" agni-image custom-image-container text-center\">\r\n\t\t\t<figure class=\"agni-image-figure\">\r\n\t\t\t\t<a href=\"https:\/\/www.greenmobility.com\/dk\/da\/elbiler\/\"  target=\"_blank\"><img decoding=\"async\" width=\"240\" height=\"240\" data-src=\"https:\/\/www.greenmobility.com\/dk\/wp-content\/uploads\/sites\/9\/2024\/04\/Wunder_Car_Zoe_240x240.png\" class=\"fullwidth-image attachment-medium  attachment-medium lazyload\" alt=\"\" title=\"Wunder_Car_Zoe_240x240\" data-srcset=\"https:\/\/www.greenmobility.com\/dk\/wp-content\/uploads\/sites\/9\/2024\/04\/Wunder_Car_Zoe_240x240.png 240w, https:\/\/www.greenmobility.com\/dk\/wp-content\/uploads\/sites\/9\/2024\/04\/Wunder_Car_Zoe_240x240-150x150.png 150w, https:\/\/www.greenmobility.com\/dk\/wp-content\/uploads\/sites\/9\/2024\/04\/Wunder_Car_Zoe_240x240-50x50.png 50w\" data-sizes=\"(max-width: 240px) 100vw, 240px\" src=\"data:image\/svg+xml;base64,PHN2ZyB3aWR0aD0iMSIgaGVpZ2h0PSIxIiB4bWxucz0iaHR0cDovL3d3dy53My5vcmcvMjAwMC9zdmciPjwvc3ZnPg==\" style=\"--smush-placeholder-width: 240px; --smush-placeholder-aspect-ratio: 240\/240;\" \/><\/a>\r\n\t\t\t\t<figcaption class=\"vc_figure-caption\"><\/figcaption>\r\n\t\t\t<\/figure>\r\n\t\t<\/div>[\/vc_column_inner][vc_column_inner align=&#8221;center&#8221; width=&#8221;1\/4&#8243; border_style=&#8221;solid&#8221;][vc_column_text]<span style=\"font-size: 18pt;\"><strong>Renault Megane<\/strong><\/span>[\/vc_column_text]<div class=\" agni-image custom-image-container text-center\">\r\n\t\t\t<figure class=\"agni-image-figure\">\r\n\t\t\t\t<a href=\"https:\/\/www.greenmobility.com\/dk\/da\/renault-megane\/\"  target=\"_blank\"><img decoding=\"async\" width=\"240\" height=\"240\" data-src=\"https:\/\/www.greenmobility.com\/dk\/wp-content\/uploads\/sites\/9\/2024\/08\/Wunder_Car_Megane_240x240.png\" class=\"fullwidth-image attachment-medium  attachment-medium lazyload\" alt=\"\" title=\"Wunder_Car_Megane_240x240\" data-srcset=\"https:\/\/www.greenmobility.com\/dk\/wp-content\/uploads\/sites\/9\/2024\/08\/Wunder_Car_Megane_240x240.png 240w, https:\/\/www.greenmobility.com\/dk\/wp-content\/uploads\/sites\/9\/2024\/08\/Wunder_Car_Megane_240x240-150x150.png 150w, https:\/\/www.greenmobility.com\/dk\/wp-content\/uploads\/sites\/9\/2024\/08\/Wunder_Car_Megane_240x240-50x50.png 50w\" data-sizes=\"(max-width: 240px) 100vw, 240px\" src=\"data:image\/svg+xml;base64,PHN2ZyB3aWR0aD0iMSIgaGVpZ2h0PSIxIiB4bWxucz0iaHR0cDovL3d3dy53My5vcmcvMjAwMC9zdmciPjwvc3ZnPg==\" style=\"--smush-placeholder-width: 240px; --smush-placeholder-aspect-ratio: 240\/240;\" \/><\/a>\r\n\t\t\t\t<figcaption class=\"vc_figure-caption\"><\/figcaption>\r\n\t\t\t<\/figure>\r\n\t\t<\/div>[\/vc_column_inner][vc_column_inner align=&#8221;center&#8221; width=&#8221;1\/4&#8243; border_style=&#8221;solid&#8221; border_radius=&#8221;0&#8243;][vc_column_text]<span style=\"font-size: 18pt;\"><strong>Polestar<\/strong><\/span>[\/vc_column_text]<div class=\" agni-image custom-image-container text-center\">\r\n\t\t\t<figure class=\"agni-image-figure\">\r\n\t\t\t\t<a href=\"https:\/\/www.greenmobility.com\/dk\/da\/polestar\/\"  target=\"_blank\"><img decoding=\"async\" width=\"240\" height=\"240\" data-src=\"https:\/\/www.greenmobility.com\/dk\/wp-content\/uploads\/sites\/9\/2025\/02\/Wunder-240x2402-1.png\" class=\"fullwidth-image attachment-medium  attachment-medium lazyload\" alt=\"\" title=\"Wunder 240x240(2)\" data-srcset=\"https:\/\/www.greenmobility.com\/dk\/wp-content\/uploads\/sites\/9\/2025\/02\/Wunder-240x2402-1.png 240w, https:\/\/www.greenmobility.com\/dk\/wp-content\/uploads\/sites\/9\/2025\/02\/Wunder-240x2402-1-150x150.png 150w, https:\/\/www.greenmobility.com\/dk\/wp-content\/uploads\/sites\/9\/2025\/02\/Wunder-240x2402-1-50x50.png 50w\" data-sizes=\"(max-width: 240px) 100vw, 240px\" src=\"data:image\/svg+xml;base64,PHN2ZyB3aWR0aD0iMSIgaGVpZ2h0PSIxIiB4bWxucz0iaHR0cDovL3d3dy53My5vcmcvMjAwMC9zdmciPjwvc3ZnPg==\" style=\"--smush-placeholder-width: 240px; --smush-placeholder-aspect-ratio: 240\/240;\" \/><\/a>\r\n\t\t\t\t<figcaption class=\"vc_figure-caption\"><\/figcaption>\r\n\t\t\t<\/figure>\r\n\t\t<\/div>[\/vc_column_inner][vc_column_inner align=&#8221;center&#8221; width=&#8221;1\/4&#8243; border_top=&#8221;0&#8243; border_right=&#8221;0&#8243; border_bottom=&#8221;0&#8243; border_left=&#8221;0&#8243; border_radius=&#8221;0&#8243;][vc_column_text]<span style=\"font-size: 18pt;\"><strong>Renault Kangoo<\/strong><\/span>[\/vc_column_text]<div class=\" agni-image custom-image-container text-center\">\r\n\t\t\t<figure class=\"agni-image-figure\">\r\n\t\t\t\t<a href=\"https:\/\/www.greenmobility.com\/dk\/da\/el-varevogn\/\"  target=\"_blank\"><img decoding=\"async\" width=\"240\" height=\"240\" data-src=\"https:\/\/www.greenmobility.com\/dk\/wp-content\/uploads\/sites\/9\/2024\/04\/Wunder_Car_KangooNEW_240x240.png\" class=\"fullwidth-image attachment-medium  attachment-medium lazyload\" alt=\"\" title=\"Wunder_Car_KangooNEW_240x240\" data-srcset=\"https:\/\/www.greenmobility.com\/dk\/wp-content\/uploads\/sites\/9\/2024\/04\/Wunder_Car_KangooNEW_240x240.png 240w, https:\/\/www.greenmobility.com\/dk\/wp-content\/uploads\/sites\/9\/2024\/04\/Wunder_Car_KangooNEW_240x240-150x150.png 150w, https:\/\/www.greenmobility.com\/dk\/wp-content\/uploads\/sites\/9\/2024\/04\/Wunder_Car_KangooNEW_240x240-50x50.png 50w\" data-sizes=\"(max-width: 240px) 100vw, 240px\" src=\"data:image\/svg+xml;base64,PHN2ZyB3aWR0aD0iMSIgaGVpZ2h0PSIxIiB4bWxucz0iaHR0cDovL3d3dy53My5vcmcvMjAwMC9zdmciPjwvc3ZnPg==\" style=\"--smush-placeholder-width: 240px; --smush-placeholder-aspect-ratio: 240\/240;\" \/><\/a>\r\n\t\t\t\t<figcaption class=\"vc_figure-caption\"><\/figcaption>\r\n\t\t\t<\/figure>\r\n\t\t<\/div>[\/vc_column_inner][\/vc_row_inner][vc_empty_space height=&#8221;50px&#8221;][vc_row_inner equal_height=&#8221;yes&#8221; content_placement=&#8221;middle&#8221; gap=&#8221;10&#8243;][vc_column_inner align=&#8221;center&#8221; width=&#8221;1\/4&#8243;][vc_column_text]<strong><span style=\"font-size: 18pt;\">Peugeot e-Partner<\/span><\/strong>[\/vc_column_text]<div class=\" agni-image custom-image-container text-center\">\r\n\t\t\t<figure class=\"agni-image-figure\">\r\n\t\t\t\t<a href=\"https:\/\/www.greenmobility.com\/dk\/da\/el-varevogn\/\"  target=\"_blank\"><img decoding=\"async\" width=\"240\" height=\"240\" data-src=\"https:\/\/www.greenmobility.com\/dk\/wp-content\/uploads\/sites\/9\/2024\/04\/Wunder_Car_Epartner_240x240.png\" class=\"fullwidth-image attachment-medium  attachment-medium lazyload\" alt=\"\" title=\"Wunder_Car_Epartner_240x240\" data-srcset=\"https:\/\/www.greenmobility.com\/dk\/wp-content\/uploads\/sites\/9\/2024\/04\/Wunder_Car_Epartner_240x240.png 240w, https:\/\/www.greenmobility.com\/dk\/wp-content\/uploads\/sites\/9\/2024\/04\/Wunder_Car_Epartner_240x240-150x150.png 150w, https:\/\/www.greenmobility.com\/dk\/wp-content\/uploads\/sites\/9\/2024\/04\/Wunder_Car_Epartner_240x240-50x50.png 50w\" data-sizes=\"(max-width: 240px) 100vw, 240px\" src=\"data:image\/svg+xml;base64,PHN2ZyB3aWR0aD0iMSIgaGVpZ2h0PSIxIiB4bWxucz0iaHR0cDovL3d3dy53My5vcmcvMjAwMC9zdmciPjwvc3ZnPg==\" style=\"--smush-placeholder-width: 240px; --smush-placeholder-aspect-ratio: 240\/240;\" \/><\/a>\r\n\t\t\t\t<figcaption class=\"vc_figure-caption\"><\/figcaption>\r\n\t\t\t<\/figure>\r\n\t\t<\/div>[\/vc_column_inner][vc_column_inner align=&#8221;center&#8221; width=&#8221;1\/4&#8243;][vc_column_text]<span style=\"font-size: 18pt;\"><strong>Maxus<\/strong><\/span>[\/vc_column_text]<div class=\" agni-image custom-image-container text-center\">\r\n\t\t\t<figure class=\"agni-image-figure\">\r\n\t\t\t\t<a href=\"https:\/\/www.greenmobility.com\/dk\/da\/el-varevogn\/\"  target=\"_blank\"><img decoding=\"async\" width=\"240\" height=\"240\" data-src=\"https:\/\/www.greenmobility.com\/dk\/wp-content\/uploads\/sites\/9\/2024\/04\/Wunder_Car_Maxus_240x240.png\" class=\"fullwidth-image attachment-medium  attachment-medium lazyload\" alt=\"\" title=\"Wunder_Car_Maxus_240x240\" data-srcset=\"https:\/\/www.greenmobility.com\/dk\/wp-content\/uploads\/sites\/9\/2024\/04\/Wunder_Car_Maxus_240x240.png 240w, https:\/\/www.greenmobility.com\/dk\/wp-content\/uploads\/sites\/9\/2024\/04\/Wunder_Car_Maxus_240x240-150x150.png 150w, https:\/\/www.greenmobility.com\/dk\/wp-content\/uploads\/sites\/9\/2024\/04\/Wunder_Car_Maxus_240x240-50x50.png 50w\" data-sizes=\"(max-width: 240px) 100vw, 240px\" src=\"data:image\/svg+xml;base64,PHN2ZyB3aWR0aD0iMSIgaGVpZ2h0PSIxIiB4bWxucz0iaHR0cDovL3d3dy53My5vcmcvMjAwMC9zdmciPjwvc3ZnPg==\" style=\"--smush-placeholder-width: 240px; --smush-placeholder-aspect-ratio: 240\/240;\" \/><\/a>\r\n\t\t\t\t<figcaption class=\"vc_figure-caption\"><\/figcaption>\r\n\t\t\t<\/figure>\r\n\t\t<\/div>[\/vc_column_inner][vc_column_inner align=&#8221;center&#8221; width=&#8221;1\/4&#8243;][vc_column_text]<span style=\"font-size: 18pt;\"><strong>Mercedes eVito<\/strong><\/span>[\/vc_column_text]<div class=\" agni-image custom-image-container text-center\">\r\n\t\t\t<figure class=\"agni-image-figure\">\r\n\t\t\t\t<a href=\"https:\/\/www.greenmobility.com\/dk\/da\/el-varevogn\/\"  target=\"_blank\"><img decoding=\"async\" width=\"240\" height=\"240\" data-src=\"https:\/\/www.greenmobility.com\/dk\/wp-content\/uploads\/sites\/9\/2024\/04\/Wunder_Car_Evito_240x240.png\" class=\"fullwidth-image attachment-medium  attachment-medium lazyload\" alt=\"\" title=\"Wunder_Car_Evito_240x240\" data-srcset=\"https:\/\/www.greenmobility.com\/dk\/wp-content\/uploads\/sites\/9\/2024\/04\/Wunder_Car_Evito_240x240.png 240w, https:\/\/www.greenmobility.com\/dk\/wp-content\/uploads\/sites\/9\/2024\/04\/Wunder_Car_Evito_240x240-150x150.png 150w, https:\/\/www.greenmobility.com\/dk\/wp-content\/uploads\/sites\/9\/2024\/04\/Wunder_Car_Evito_240x240-50x50.png 50w\" data-sizes=\"(max-width: 240px) 100vw, 240px\" src=\"data:image\/svg+xml;base64,PHN2ZyB3aWR0aD0iMSIgaGVpZ2h0PSIxIiB4bWxucz0iaHR0cDovL3d3dy53My5vcmcvMjAwMC9zdmciPjwvc3ZnPg==\" style=\"--smush-placeholder-width: 240px; --smush-placeholder-aspect-ratio: 240\/240;\" \/><\/a>\r\n\t\t\t\t<figcaption class=\"vc_figure-caption\"><\/figcaption>\r\n\t\t\t<\/figure>\r\n\t\t<\/div>[\/vc_column_inner][vc_column_inner align=&#8221;center&#8221; width=&#8221;1\/4&#8243;][vc_column_text]<span style=\"font-size: 18pt;\"><strong>Opel Vivaro<\/strong><\/span>[\/vc_column_text]<div class=\" agni-image custom-image-container text-center\">\r\n\t\t\t<figure class=\"agni-image-figure\">\r\n\t\t\t\t<a href=\"https:\/\/www.greenmobility.com\/dk\/da\/el-varevogn\/\"  target=\"_blank\"><img decoding=\"async\" width=\"240\" height=\"240\" data-src=\"https:\/\/www.greenmobility.com\/dk\/wp-content\/uploads\/sites\/9\/2024\/08\/Wunder_Car_Vivaro_240x240.png\" class=\"fullwidth-image attachment-medium  attachment-medium lazyload\" alt=\"\" title=\"Wunder_Car_Vivaro_240x240\" data-srcset=\"https:\/\/www.greenmobility.com\/dk\/wp-content\/uploads\/sites\/9\/2024\/08\/Wunder_Car_Vivaro_240x240.png 240w, https:\/\/www.greenmobility.com\/dk\/wp-content\/uploads\/sites\/9\/2024\/08\/Wunder_Car_Vivaro_240x240-150x150.png 150w, https:\/\/www.greenmobility.com\/dk\/wp-content\/uploads\/sites\/9\/2024\/08\/Wunder_Car_Vivaro_240x240-50x50.png 50w\" data-sizes=\"(max-width: 240px) 100vw, 240px\" src=\"data:image\/svg+xml;base64,PHN2ZyB3aWR0aD0iMSIgaGVpZ2h0PSIxIiB4bWxucz0iaHR0cDovL3d3dy53My5vcmcvMjAwMC9zdmciPjwvc3ZnPg==\" style=\"--smush-placeholder-width: 240px; --smush-placeholder-aspect-ratio: 240\/240;\" \/><\/a>\r\n\t\t\t\t<figcaption class=\"vc_figure-caption\"><\/figcaption>\r\n\t\t\t<\/figure>\r\n\t\t<\/div>[\/vc_column_inner][\/vc_row_inner][\/vc_column][\/vc_row][vc_row margin_top=&#8221;20&#8243; margin_bottom=&#8221;30&#8243;][vc_column align=&#8221;center&#8221;]<div class=\" call-to-action call-to-action-style-1\"><div class=\"call-to-action-description\"><\/div><div class=\"call-to-action-button\"><a class=\"btn btn-alt btn-default \" target=\"_blank\" href=\"https:\/\/www.greenmobility.com\/dk\/da\/elbiler\/\" style=\"margin-top: 10px; margin-bottom: 10px; \"> L\u00e6s mere om vores biler her<\/a><\/div><\/div>[vc_empty_space height=&#8221;40px&#8221; height_mobile=&#8221;20px&#8221;][\/vc_column][\/vc_row][vc_row fullwidth=&#8221;has-fullwidth-column&#8221; equal_height=&#8221;yes&#8221;][vc_column bg_choice=&#8221;2&#8243; bg_image=&#8221;6238&#8243; width=&#8221;1\/2&#8243;][vc_empty_space height=&#8221;300px&#8221;][\/vc_column][vc_column align=&#8221;center&#8221; bg_color=&#8221;#bbd6af&#8221; width=&#8221;1\/2&#8243;][vc_empty_space height=&#8221;80px&#8221;][vc_custom_heading text=&#8221;Korttidsleasing af elbiler n\u00e6r dig&#8221; font_container=&#8221;tag:h2|font_size:38|text_align:center|color:%23ffffff&#8221; google_fonts=&#8221;font_family:Open%20Sans%3A300%2C300italic%2Cregular%2Citalic%2C600%2C600italic%2C700%2C700italic%2C800%2C800italic|font_style:400%20regular%3A400%3Anormal&#8221;][vc_empty_space height=&#8221;20px&#8221;][vc_column_text padding_right=&#8221;5%&#8221; padding_left=&#8221;5%&#8221;]<\/p>\n<p style=\"text-align: justify;\"><span style=\"color: #ffffff;\">GreenMobility g\u00f8r det nemt at korttidslease. Du beh\u00f8ver ikke hente eller aflevere bilen et fast sted. Du booker den nemt via appen og afleverer den, hvor det passer dig inden for vores zone. Du kan frit k\u00f8re i hele Danmark eller til Sverige &#8211; bekymringsfrit fra start til slut.<\/span><\/p>\n<p style=\"text-align: left;\"><span style=\"color: #ffffff;\">Inden for zonen har du adgang til hundredvis af gratis p-pladser.<\/span><\/p>\n<p>[\/vc_column_text][vc_empty_space height=&#8221;20px&#8221;]<div class=\" call-to-action call-to-action-style-1\"><div class=\"call-to-action-description\"><\/div><div class=\"call-to-action-button\"><a class=\"btn btn-alt btn-white \" target=\"_blank\" href=\"https:\/\/www.greenmobility.com\/dk\/da\/parkering\/\" style=\"margin-top: 10px; \"> L\u00e6s mere om parkering<\/a><\/div><\/div>[vc_empty_space height=&#8221;80px&#8221;][\/vc_column][\/vc_row][vc_row][vc_column][vc_empty_space height=&#8221;50px&#8221; height_mobile=&#8221;20px&#8221;][\/vc_column][\/vc_row][vc_row][vc_column align=&#8221;center&#8221;][vc_empty_space][vc_custom_heading divide_line=&#8221;yes&#8221; divide_line_color=&#8221;#ffffff&#8221; text=&#8221;S\u00e5dan kommer du i gang&#8221; font_container=&#8221;tag:h2|text_align:center|color:%23000000&#8243; google_fonts=&#8221;font_family:Open%20Sans%3A300%2C300italic%2Cregular%2Citalic%2C600%2C600italic%2C700%2C700italic%2C800%2C800italic|font_style:400%20regular%3A400%3Anormal&#8221; responsive_font_size=&#8221;yes&#8221;][\/vc_column][vc_column width=&#8221;1\/4&#8243;]<div class=\" agni-image custom-image-container text-center\">\r\n\t\t\t<figure class=\"agni-image-figure\">\r\n\t\t\t\t<img decoding=\"async\" width=\"150\" height=\"150\" data-src=\"https:\/\/www.greenmobility.com\/dk\/wp-content\/uploads\/sites\/9\/2025\/02\/App-150x150.png\" class=\"fullwidth-image attachment-thumbnail  attachment-thumbnail lazyload\" alt=\"\" title=\"App\" data-srcset=\"https:\/\/www.greenmobility.com\/dk\/wp-content\/uploads\/sites\/9\/2025\/02\/App-150x150.png 150w, https:\/\/www.greenmobility.com\/dk\/wp-content\/uploads\/sites\/9\/2025\/02\/App-300x300.png 300w, https:\/\/www.greenmobility.com\/dk\/wp-content\/uploads\/sites\/9\/2025\/02\/App-50x50.png 50w, https:\/\/www.greenmobility.com\/dk\/wp-content\/uploads\/sites\/9\/2025\/02\/App.png 512w\" data-sizes=\"(max-width: 150px) 100vw, 150px\" src=\"data:image\/svg+xml;base64,PHN2ZyB3aWR0aD0iMSIgaGVpZ2h0PSIxIiB4bWxucz0iaHR0cDovL3d3dy53My5vcmcvMjAwMC9zdmciPjwvc3ZnPg==\" style=\"--smush-placeholder-width: 150px; --smush-placeholder-aspect-ratio: 150\/150;\" \/>\r\n\t\t\t\t<figcaption class=\"vc_figure-caption\"><\/figcaption>\r\n\t\t\t<\/figure>\r\n\t\t<\/div>[vc_column_text]<\/p>\n<p style=\"text-align: center;\"><span style=\"font-size: 12pt;\"><strong>1. Opret en bruger<\/strong><\/span><\/p>\n<p style=\"text-align: center;\">Indtast dine oplysninger, tag et billede af dit k\u00f8rekort og bliv verificeret p\u00e5 f\u00e5 minutter.<\/p>\n<p>[\/vc_column_text][\/vc_column][vc_column width=&#8221;1\/4&#8243;]<div class=\" agni-image custom-image-container text-center\">\r\n\t\t\t<figure class=\"agni-image-figure\">\r\n\t\t\t\t<img decoding=\"async\" width=\"150\" height=\"150\" data-src=\"https:\/\/www.greenmobility.com\/dk\/wp-content\/uploads\/sites\/9\/2025\/02\/Prices-4-150x150.png\" class=\"fullwidth-image attachment-thumbnail  attachment-thumbnail lazyload\" alt=\"\" title=\"Prices (4)\" data-srcset=\"https:\/\/www.greenmobility.com\/dk\/wp-content\/uploads\/sites\/9\/2025\/02\/Prices-4-150x150.png 150w, https:\/\/www.greenmobility.com\/dk\/wp-content\/uploads\/sites\/9\/2025\/02\/Prices-4-300x300.png 300w, https:\/\/www.greenmobility.com\/dk\/wp-content\/uploads\/sites\/9\/2025\/02\/Prices-4-50x50.png 50w, https:\/\/www.greenmobility.com\/dk\/wp-content\/uploads\/sites\/9\/2025\/02\/Prices-4.png 512w\" data-sizes=\"(max-width: 150px) 100vw, 150px\" src=\"data:image\/svg+xml;base64,PHN2ZyB3aWR0aD0iMSIgaGVpZ2h0PSIxIiB4bWxucz0iaHR0cDovL3d3dy53My5vcmcvMjAwMC9zdmciPjwvc3ZnPg==\" style=\"--smush-placeholder-width: 150px; --smush-placeholder-aspect-ratio: 150\/150;\" \/>\r\n\t\t\t\t<figcaption class=\"vc_figure-caption\"><\/figcaption>\r\n\t\t\t<\/figure>\r\n\t\t<\/div>[vc_column_text]<\/p>\n<p style=\"text-align: center;\"><span style=\"font-size: 12pt;\"><strong>2. V\u00e6lg din lejeperiode<\/strong><\/span><\/p>\n<p style=\"text-align: center;\">V\u00e6lg uge- eller m\u00e5nedsleje under &#8220;Pakker og abonnementer&#8221; i appen. Aktiver pakken f\u00f8r turstart.<\/p>\n<p>[\/vc_column_text][\/vc_column][vc_column width=&#8221;1\/4&#8243;]<div class=\" agni-image custom-image-container text-center\">\r\n\t\t\t<figure class=\"agni-image-figure\">\r\n\t\t\t\t<img decoding=\"async\" width=\"150\" height=\"150\" data-src=\"https:\/\/www.greenmobility.com\/dk\/wp-content\/uploads\/sites\/9\/2025\/02\/Cars-150x150.png\" class=\"fullwidth-image attachment-thumbnail  attachment-thumbnail lazyload\" alt=\"\" title=\"Cars\" data-srcset=\"https:\/\/www.greenmobility.com\/dk\/wp-content\/uploads\/sites\/9\/2025\/02\/Cars-150x150.png 150w, https:\/\/www.greenmobility.com\/dk\/wp-content\/uploads\/sites\/9\/2025\/02\/Cars-300x300.png 300w, https:\/\/www.greenmobility.com\/dk\/wp-content\/uploads\/sites\/9\/2025\/02\/Cars-50x50.png 50w, https:\/\/www.greenmobility.com\/dk\/wp-content\/uploads\/sites\/9\/2025\/02\/Cars.png 512w\" data-sizes=\"(max-width: 150px) 100vw, 150px\" src=\"data:image\/svg+xml;base64,PHN2ZyB3aWR0aD0iMSIgaGVpZ2h0PSIxIiB4bWxucz0iaHR0cDovL3d3dy53My5vcmcvMjAwMC9zdmciPjwvc3ZnPg==\" style=\"--smush-placeholder-width: 150px; --smush-placeholder-aspect-ratio: 150\/150;\" \/>\r\n\t\t\t\t<figcaption class=\"vc_figure-caption\"><\/figcaption>\r\n\t\t\t<\/figure>\r\n\t\t<\/div>[vc_column_text]<\/p>\n<p style=\"text-align: center;\"><span style=\"font-size: 12pt;\"><strong>3. Find en ledig bil<\/strong><\/span><\/p>\n<p style=\"text-align: center;\">Find en ledig elbil n\u00e6r dig p\u00e5 kortet i appen og book den med det samme.<\/p>\n<p>[\/vc_column_text][\/vc_column][vc_column width=&#8221;1\/4&#8243;]<div class=\" agni-image custom-image-container text-center\">\r\n\t\t\t<figure class=\"agni-image-figure\">\r\n\t\t\t\t<img decoding=\"async\" width=\"150\" height=\"150\" data-src=\"https:\/\/www.greenmobility.com\/dk\/wp-content\/uploads\/sites\/9\/2025\/02\/End-trip-150x150.png\" class=\"fullwidth-image attachment-thumbnail  attachment-thumbnail lazyload\" alt=\"\" title=\"End trip\" data-srcset=\"https:\/\/www.greenmobility.com\/dk\/wp-content\/uploads\/sites\/9\/2025\/02\/End-trip-150x150.png 150w, https:\/\/www.greenmobility.com\/dk\/wp-content\/uploads\/sites\/9\/2025\/02\/End-trip-300x300.png 300w, https:\/\/www.greenmobility.com\/dk\/wp-content\/uploads\/sites\/9\/2025\/02\/End-trip-50x50.png 50w, https:\/\/www.greenmobility.com\/dk\/wp-content\/uploads\/sites\/9\/2025\/02\/End-trip.png 512w\" data-sizes=\"(max-width: 150px) 100vw, 150px\" src=\"data:image\/svg+xml;base64,PHN2ZyB3aWR0aD0iMSIgaGVpZ2h0PSIxIiB4bWxucz0iaHR0cDovL3d3dy53My5vcmcvMjAwMC9zdmciPjwvc3ZnPg==\" style=\"--smush-placeholder-width: 150px; --smush-placeholder-aspect-ratio: 150\/150;\" \/>\r\n\t\t\t\t<figcaption class=\"vc_figure-caption\"><\/figcaption>\r\n\t\t\t<\/figure>\r\n\t\t<\/div>[vc_column_text]<\/p>\n<p style=\"text-align: center;\"><span style=\"font-size: 12pt;\"><strong>4. Afslut turen i zonen<\/strong><\/span><\/p>\n<p style=\"text-align: center;\">Parker nemt inden for zonen i overensstemmelse med vores p-regler og afslut turen. Nemt!<\/p>\n<p>[\/vc_column_text][\/vc_column][vc_column align=&#8221;center&#8221;][vc_empty_space]<div class=\" call-to-action call-to-action-style-1\"><div class=\"call-to-action-description\"><\/div><div class=\"call-to-action-button\"><a class=\"btn btn-alt btn-default \" target=\"_blank\" href=\"https:\/\/app.adjust.com\/bze7zzu\" style=\"margin-top: 10px; margin-bottom: 10px; \"> Start din minilease i dag<\/a><\/div><\/div>[\/vc_column][\/vc_row][vc_row][vc_column][vc_empty_space height=&#8221;100px&#8221; height_mobile=&#8221;20px&#8221;][\/vc_column][\/vc_row][vc_row][vc_column][vc_empty_space height=&#8221;50px&#8221;][vc_custom_heading text=&#8221;Ofte stillede sp\u00f8rgsm\u00e5l om korttidsleasing&#8221; font_container=&#8221;tag:h2|font_size:38|text_align:left&#8221; use_theme_fonts=&#8221;yes&#8221; responsive_font_size=&#8221;yes&#8221;][vc_column_text]<strong>Hvad er forskellen p\u00e5 korttidsleasing af elbiler og traditionel leasing af elbiler?<\/strong><br \/>\nKorttidsleasing er en fleksibel l\u00f8sning uden lang binding. Traditionel leasing kr\u00e6ver derimod ofte en l\u00e6ngere kontrakt p\u00e5 12-36 m\u00e5neder samt en udbetaling. Med GreenMobility f\u00e5r du et fleksibelt alternativ til leasing uden udbetaling og binding, hvor du kan leje bilen med det samme p\u00e5 d\u00f8gn-, uge- eller m\u00e5nedsbasis.<\/p>\n<p><strong>Hvad koster korttidsleasing hos GreenMobility?<br \/>\n<\/strong>Du kan se vores aktuelle priser <span style=\"text-decoration: underline;\"><a href=\"https:\/\/www.greenmobility.com\/dk\/da\/priser\/\">her<\/a><\/span>.<strong><br \/>\n<\/strong><\/p>\n<p><strong>Er parkering og str\u00f8m inkluderet i prisen?<\/strong><br \/>\nJa, parkering i GreenMobilitys zoner og str\u00f8m i hele Danmark er altid inkluderet i prisen.<\/p>\n<p><strong>Hvor kan jeg oplade bilen i l\u00f8bet af perioden?<\/strong><br \/>\nEr elbilen lejet i K\u00f8benhavn, kan du oplade p\u00e5 E.ON og Spirii ladestandere rundt omkring i landet. Er elbilen lejet i Aarhus, kan du oplade hos E.ON, Spirii, Norlys og Clever. L\u00e6s mere om opladning <a href=\"https:\/\/www.greenmobility.com\/dk\/da\/opladning\/\"><span style=\"text-decoration: underline;\">her<\/span><\/a>.<\/p>\n<p><strong>Kan jeg forl\u00e6nge min lejeperiode?<\/strong><br \/>\nJa, du kan nemt forl\u00e6nge din lejeperiode, hvis du har brug for at have bilen i l\u00e6ngere tid end en uge eller en m\u00e5ned. K\u00f8b blot en ny d\u00f8gn-, uge- eller m\u00e5nedspakke i appen. Husk at aktivere pakken under \u201cMine pakker\u201d i appen, inden din f\u00f8rste lejeperiode udl\u00f8ber. De inkluderede d\u00f8gn og kilometer l\u00e6gges automatisk sammen.<\/p>\n<p><strong>Hvem m\u00e5 k\u00f8re bilen?<\/strong><br \/>\nKun den registrerede bruger, der har lejet elbilen, m\u00e5 k\u00f8re den.<\/p>\n<p><strong>M\u00e5 jeg k\u00f8re ud af landet?<\/strong><br \/>\nDu m\u00e5 gerne k\u00f8re til Sverige i vores elbiler. Husk blot, at du selv betaler for opladning og parkering i Sverige, og at lejeperioden altid skal afsluttes inden for den oprindelige zone.<\/p>\n<p><strong>Hvordan returnerer jeg bilen?<\/strong><br \/>\nN\u00e5r du er f\u00e6rdig med bilen, skal du blot parkere den inden for zonen i overensstemmelse med vores p-regler. Afslut turen med et swipe i appen.[\/vc_column_text][vc_empty_space][\/vc_column][\/vc_row]<\/p>\n<\/div>","protected":false},"excerpt":{"rendered":"<p>[vc_row padding_top=&#8221;3.5%&#8221; padding_bottom=&#8221;3%&#8221; border_top=&#8221;1&#8243; border_color=&#8221;#dddddd&#8221; border_style=&#8221;solid&#8221; el_id=&#8221;our-approach&#8221; el_class=&#8221;our-approach&#8221;][vc_column align=&#8221;center&#8221;][vc_empty_space height=&#8221;50px&#8221;][\/vc_column][vc_column width=&#8221;1\/2&#8243;][vc_column_text]Har du brug for en bil uden binding? GreenMobility tilbyder fleksibel korttidsleasing af elbiler i det antal dage, der passer dig. Ingen udbetaling eller skjulte gebyrer.[\/vc_column_text][\/vc_column][vc_column width=&#8221;1\/2&#8243;][vc_column_text]V\u00e6lg mellem forskellige biltyper og varevogne &#8211; alle 100% elektriske. Start din korttidsleasing i vores app p\u00e5 f\u00e5 minutter [&hellip;]<\/p>\n","protected":false},"author":7,"featured_media":0,"parent":0,"menu_order":0,"comment_status":"closed","ping_status":"closed","template":"","meta":{"om_disable_all_campaigns":false,"footnotes":"","_links_to":"","_links_to_target":""},"class_list":["post-8256","page","type-page","status-publish","hentry"],"yoast_head":"<!-- This site is optimized with the Yoast SEO plugin v27.3 - https:\/\/yoast.com\/product\/yoast-seo-wordpress\/ -->\n<title>Korttidsleasing af elbiler uden binding | GreenMobility<\/title>\n<meta name=\"description\" content=\"GreenMobility g\u00f8r korttidsleasing af elbiler nemt. Ingen udbetaling eller binding. Fast m\u00e5nedlig pris inkl. forsikring, parkering og str\u00f8m.\" \/>\n<meta name=\"robots\" content=\"index, follow, max-snippet:-1, max-image-preview:large, max-video-preview:-1\" \/>\n<link rel=\"canonical\" href=\"https:\/\/www.greenmobility.com\/dk\/da\/korttidsleasing\/\" \/>\n<meta property=\"og:locale\" content=\"da_DK\" \/>\n<meta property=\"og:type\" content=\"article\" \/>\n<meta property=\"og:title\" content=\"Korttidsleasing af elbiler uden binding | GreenMobility\" \/>\n<meta property=\"og:description\" content=\"GreenMobility g\u00f8r korttidsleasing af elbiler nemt. Ingen udbetaling eller binding. Fast m\u00e5nedlig pris inkl. forsikring, parkering og str\u00f8m.\" \/>\n<meta property=\"og:url\" content=\"https:\/\/www.greenmobility.com\/dk\/da\/korttidsleasing\/\" \/>\n<meta property=\"og:site_name\" content=\"GreenMobility Denmark\" \/>\n<meta property=\"article:modified_time\" content=\"2025-10-28T12:38:35+00:00\" \/>\n<meta name=\"twitter:card\" content=\"summary_large_image\" \/>\n<meta name=\"twitter:label1\" content=\"Estimeret l\u00e6setid\" \/>\n\t<meta name=\"twitter:data1\" content=\"9 minutter\" \/>\n<script type=\"application\/ld+json\" class=\"yoast-schema-graph\">{\"@context\":\"https:\\\/\\\/schema.org\",\"@graph\":[{\"@type\":\"WebPage\",\"@id\":\"https:\\\/\\\/www.greenmobility.com\\\/dk\\\/da\\\/korttidsleasing\\\/\",\"url\":\"https:\\\/\\\/www.greenmobility.com\\\/dk\\\/da\\\/korttidsleasing\\\/\",\"name\":\"Korttidsleasing af elbiler uden binding | GreenMobility\",\"isPartOf\":{\"@id\":\"https:\\\/\\\/www.greenmobility.com\\\/dk\\\/da\\\/#website\"},\"datePublished\":\"2025-02-17T11:31:46+00:00\",\"dateModified\":\"2025-10-28T12:38:35+00:00\",\"description\":\"GreenMobility g\u00f8r korttidsleasing af elbiler nemt. Ingen udbetaling eller binding. Fast m\u00e5nedlig pris inkl. forsikring, parkering og str\u00f8m.\",\"breadcrumb\":{\"@id\":\"https:\\\/\\\/www.greenmobility.com\\\/dk\\\/da\\\/korttidsleasing\\\/#breadcrumb\"},\"inLanguage\":\"da-DK\",\"potentialAction\":[{\"@type\":\"ReadAction\",\"target\":[\"https:\\\/\\\/www.greenmobility.com\\\/dk\\\/da\\\/korttidsleasing\\\/\"]}]},{\"@type\":\"BreadcrumbList\",\"@id\":\"https:\\\/\\\/www.greenmobility.com\\\/dk\\\/da\\\/korttidsleasing\\\/#breadcrumb\",\"itemListElement\":[{\"@type\":\"ListItem\",\"position\":1,\"name\":\"Home\",\"item\":\"https:\\\/\\\/www.greenmobility.com\\\/dk\\\/da\\\/\"},{\"@type\":\"ListItem\",\"position\":2,\"name\":\"Korttidsleasing\"}]},{\"@type\":\"WebSite\",\"@id\":\"https:\\\/\\\/www.greenmobility.com\\\/dk\\\/da\\\/#website\",\"url\":\"https:\\\/\\\/www.greenmobility.com\\\/dk\\\/da\\\/\",\"name\":\"GreenMobility Denmark\",\"description\":\"\",\"publisher\":{\"@id\":\"https:\\\/\\\/www.greenmobility.com\\\/dk\\\/da\\\/#organization\"},\"potentialAction\":[{\"@type\":\"SearchAction\",\"target\":{\"@type\":\"EntryPoint\",\"urlTemplate\":\"https:\\\/\\\/www.greenmobility.com\\\/dk\\\/da\\\/?s={search_term_string}\"},\"query-input\":{\"@type\":\"PropertyValueSpecification\",\"valueRequired\":true,\"valueName\":\"search_term_string\"}}],\"inLanguage\":\"da-DK\"},{\"@type\":\"Organization\",\"@id\":\"https:\\\/\\\/www.greenmobility.com\\\/dk\\\/da\\\/#organization\",\"name\":\"GreenMobility\",\"url\":\"https:\\\/\\\/www.greenmobility.com\\\/dk\\\/da\\\/\",\"logo\":{\"@type\":\"ImageObject\",\"inLanguage\":\"da-DK\",\"@id\":\"https:\\\/\\\/www.greenmobility.com\\\/dk\\\/da\\\/#\\\/schema\\\/logo\\\/image\\\/\",\"url\":\"https:\\\/\\\/www.greenmobility.com\\\/dk\\\/wp-content\\\/uploads\\\/sites\\\/9\\\/2021\\\/06\\\/logo-EM-DK.png\",\"contentUrl\":\"https:\\\/\\\/www.greenmobility.com\\\/dk\\\/wp-content\\\/uploads\\\/sites\\\/9\\\/2021\\\/06\\\/logo-EM-DK.png\",\"width\":3125,\"height\":788,\"caption\":\"GreenMobility\"},\"image\":{\"@id\":\"https:\\\/\\\/www.greenmobility.com\\\/dk\\\/da\\\/#\\\/schema\\\/logo\\\/image\\\/\"}}]}<\/script>\n<!-- \/ Yoast SEO plugin. -->","yoast_head_json":{"title":"Korttidsleasing af elbiler uden binding | GreenMobility","description":"GreenMobility g\u00f8r korttidsleasing af elbiler nemt. Ingen udbetaling eller binding. Fast m\u00e5nedlig pris inkl. forsikring, parkering og str\u00f8m.","robots":{"index":"index","follow":"follow","max-snippet":"max-snippet:-1","max-image-preview":"max-image-preview:large","max-video-preview":"max-video-preview:-1"},"canonical":"https:\/\/www.greenmobility.com\/dk\/da\/korttidsleasing\/","og_locale":"da_DK","og_type":"article","og_title":"Korttidsleasing af elbiler uden binding | GreenMobility","og_description":"GreenMobility g\u00f8r korttidsleasing af elbiler nemt. Ingen udbetaling eller binding. Fast m\u00e5nedlig pris inkl. forsikring, parkering og str\u00f8m.","og_url":"https:\/\/www.greenmobility.com\/dk\/da\/korttidsleasing\/","og_site_name":"GreenMobility Denmark","article_modified_time":"2025-10-28T12:38:35+00:00","twitter_card":"summary_large_image","twitter_misc":{"Estimeret l\u00e6setid":"9 minutter"},"schema":{"@context":"https:\/\/schema.org","@graph":[{"@type":"WebPage","@id":"https:\/\/www.greenmobility.com\/dk\/da\/korttidsleasing\/","url":"https:\/\/www.greenmobility.com\/dk\/da\/korttidsleasing\/","name":"Korttidsleasing af elbiler uden binding | GreenMobility","isPartOf":{"@id":"https:\/\/www.greenmobility.com\/dk\/da\/#website"},"datePublished":"2025-02-17T11:31:46+00:00","dateModified":"2025-10-28T12:38:35+00:00","description":"GreenMobility g\u00f8r korttidsleasing af elbiler nemt. Ingen udbetaling eller binding. Fast m\u00e5nedlig pris inkl. forsikring, parkering og str\u00f8m.","breadcrumb":{"@id":"https:\/\/www.greenmobility.com\/dk\/da\/korttidsleasing\/#breadcrumb"},"inLanguage":"da-DK","potentialAction":[{"@type":"ReadAction","target":["https:\/\/www.greenmobility.com\/dk\/da\/korttidsleasing\/"]}]},{"@type":"BreadcrumbList","@id":"https:\/\/www.greenmobility.com\/dk\/da\/korttidsleasing\/#breadcrumb","itemListElement":[{"@type":"ListItem","position":1,"name":"Home","item":"https:\/\/www.greenmobility.com\/dk\/da\/"},{"@type":"ListItem","position":2,"name":"Korttidsleasing"}]},{"@type":"WebSite","@id":"https:\/\/www.greenmobility.com\/dk\/da\/#website","url":"https:\/\/www.greenmobility.com\/dk\/da\/","name":"GreenMobility Denmark","description":"","publisher":{"@id":"https:\/\/www.greenmobility.com\/dk\/da\/#organization"},"potentialAction":[{"@type":"SearchAction","target":{"@type":"EntryPoint","urlTemplate":"https:\/\/www.greenmobility.com\/dk\/da\/?s={search_term_string}"},"query-input":{"@type":"PropertyValueSpecification","valueRequired":true,"valueName":"search_term_string"}}],"inLanguage":"da-DK"},{"@type":"Organization","@id":"https:\/\/www.greenmobility.com\/dk\/da\/#organization","name":"GreenMobility","url":"https:\/\/www.greenmobility.com\/dk\/da\/","logo":{"@type":"ImageObject","inLanguage":"da-DK","@id":"https:\/\/www.greenmobility.com\/dk\/da\/#\/schema\/logo\/image\/","url":"https:\/\/www.greenmobility.com\/dk\/wp-content\/uploads\/sites\/9\/2021\/06\/logo-EM-DK.png","contentUrl":"https:\/\/www.greenmobility.com\/dk\/wp-content\/uploads\/sites\/9\/2021\/06\/logo-EM-DK.png","width":3125,"height":788,"caption":"GreenMobility"},"image":{"@id":"https:\/\/www.greenmobility.com\/dk\/da\/#\/schema\/logo\/image\/"}}]}},"_links":{"self":[{"href":"https:\/\/www.greenmobility.com\/dk\/da\/wp-json\/wp\/v2\/pages\/8256","targetHints":{"allow":["GET"]}}],"collection":[{"href":"https:\/\/www.greenmobility.com\/dk\/da\/wp-json\/wp\/v2\/pages"}],"about":[{"href":"https:\/\/www.greenmobility.com\/dk\/da\/wp-json\/wp\/v2\/types\/page"}],"author":[{"embeddable":true,"href":"https:\/\/www.greenmobility.com\/dk\/da\/wp-json\/wp\/v2\/users\/7"}],"replies":[{"embeddable":true,"href":"https:\/\/www.greenmobility.com\/dk\/da\/wp-json\/wp\/v2\/comments?post=8256"}],"version-history":[{"count":0,"href":"https:\/\/www.greenmobility.com\/dk\/da\/wp-json\/wp\/v2\/pages\/8256\/revisions"}],"wp:attachment":[{"href":"https:\/\/www.greenmobility.com\/dk\/da\/wp-json\/wp\/v2\/media?parent=8256"}],"curies":[{"name":"wp","href":"https:\/\/api.w.org\/{rel}","templated":true}]}}